{"id":9088,"date":"2022-09-15T15:00:00","date_gmt":"2022-09-15T14:00:00","guid":{"rendered":"https:\/\/hallmarq.net\/?post_type=studies&#038;p=9088"},"modified":"2024-12-19T12:34:57","modified_gmt":"2024-12-19T12:34:57","slug":"spina-bifida-of-the-sacrum","status":"publish","type":"studies","link":"https:\/\/hallmarq.net\/us\/case-studies\/spina-bifida-of-the-sacrum\/","title":{"rendered":"Spina Bifida of Canine Sacrum"},"content":{"rendered":"\n<div style=\"height:100px\" aria-hidden=\"true\" class=\"wp-block-spacer\"><\/div>\n\n\n\n<h2 class=\"wp-block-heading\">Spina Bifida of the Canine Sacrum<\/h2>\n\n\n\n<div style=\"height:100px\" aria-hidden=\"true\" class=\"wp-block-spacer\"><\/div>\n\n\n\n<p class=\"is-style-default\">Spina bifida is a congenital (dorsal) cleft of the spinal column with or without protrusion of the meninges and sometimes the spinal cord. We look at a case in detail and discuss the use of veterinary CT and MRI in identifying neural and soft tissue defects.<\/p>\n\n\n\n<h4 class=\"wp-block-heading\">The Patient<\/h4>\n\n\n\n<p class=\"is-style-default\">A 2-year-old female spayed German Shepherd dog was noted to have a \u2018divot\u2019 in the skin over her lumbosacral vertebral column since she was a puppy which had recently developed into a localized crusting reaction. She was evaluated by her primary veterinarian and had sedated radiographs done, which revealed spina bifida of her sacrum. Otherwise considered healthy, the dog underwent a vertebral column MRI using <a href=\"https:\/\/hallmarq.net\/us\/products-services\/small-animal-mri\/\" target=\"_blank\" rel=\"noreferrer noopener\">Hallmarq&#8217;s 2<sup>nd<\/sup> generation Small Animal 1.5T <\/a>machine (see Figs 1 and 2).<\/p>\n\n\n\n<h4 class=\"wp-block-heading\">The Imaging Results<\/h4>\n\n\n\n<p class=\"is-style-default\">The intervertebral discs are hydrated being T2 weighted hyperintense and showing normal shape and position within their respective disc spaces. A linear hyperintensity contiguous with the dura extends dorsally at the level of the sacrum (arrow). The lesion is relatively well defined and appears to originate intradurally with extension to the dermis above it. There is no confirmed neural tissue within this CSF-filled extension, but this cannot be ruled out in these images. The soft tissue extension appears to be contained and does not exhibit a patency at its dorsal aspect. The skin at the site of the presumed attachment with the meningeal extension exhibits an indentation.<\/p>\n\n\n\n<p class=\"is-style-default\">There is incomplete closure of the midportion of the dorsal lamina of S1 (red arrow; spina bifida). There is a funnel-like tract on the midline dorsal to the sacrum, extending in between the musculature toward the skin (blue arrow). The tract has a heterogeneous signal compared to muscle with a hypointense wall and hyperintense lumen. The conus medullaris can be seen in a normal position without deviation from the canal (yellow arrow). No contrast enhancement was noted on further imaging sequences.<\/p>\n\n\n\n<figure class=\"wp-block-image size-large is-style-default\"><img loading=\"lazy\" decoding=\"async\" width=\"1024\" height=\"361\" src=\"https:\/\/hallmarq.net\/app\/uploads\/2022\/09\/Fig-1-1024x361.png\" alt=\"SAMRI Case Study #4\" class=\"wp-image-9085\" srcset=\"https:\/\/hallmarq.net\/app\/uploads\/2022\/09\/Fig-1-1024x361.png 1024w, https:\/\/hallmarq.net\/app\/uploads\/2022\/09\/Fig-1-300x106.png 300w, https:\/\/hallmarq.net\/app\/uploads\/2022\/09\/Fig-1-768x271.png 768w, https:\/\/hallmarq.net\/app\/uploads\/2022\/09\/Fig-1-1536x541.png 1536w, https:\/\/hallmarq.net\/app\/uploads\/2022\/09\/Fig-1-2048x722.png 2048w, https:\/\/hallmarq.net\/app\/uploads\/2022\/09\/Fig-1-1920x676.png 1920w, https:\/\/hallmarq.net\/app\/uploads\/2022\/09\/Fig-1-500x176.png 500w, https:\/\/hallmarq.net\/app\/uploads\/2022\/09\/Fig-1-1000x352.png 1000w, https:\/\/hallmarq.net\/app\/uploads\/2022\/09\/Fig-1-1500x529.png 1500w, https:\/\/hallmarq.net\/app\/uploads\/2022\/09\/Fig-1-540x190.png 540w, https:\/\/hallmarq.net\/app\/uploads\/2022\/09\/Fig-1-1080x381.png 1080w, https:\/\/hallmarq.net\/app\/uploads\/2022\/09\/Fig-1-1980x698.png 1980w\" sizes=\"auto, (max-width: 1024px) 100vw, 1024px\" \/><figcaption>Fig 1: A sagittal T2W view of the lumbar and lumbosacral vertebral column.<br><\/figcaption><\/figure>\n\n\n\n<figure class=\"wp-block-image size-large is-style-default\"><img loading=\"lazy\" decoding=\"async\" width=\"1024\" height=\"453\" src=\"https:\/\/hallmarq.net\/app\/uploads\/2022\/09\/Fig-2-1024x453.png\" alt=\"SAMRI Case Study #4\" class=\"wp-image-9086\" srcset=\"https:\/\/hallmarq.net\/app\/uploads\/2022\/09\/Fig-2-1024x453.png 1024w, https:\/\/hallmarq.net\/app\/uploads\/2022\/09\/Fig-2-300x133.png 300w, https:\/\/hallmarq.net\/app\/uploads\/2022\/09\/Fig-2-768x340.png 768w, https:\/\/hallmarq.net\/app\/uploads\/2022\/09\/Fig-2-1536x680.png 1536w, https:\/\/hallmarq.net\/app\/uploads\/2022\/09\/Fig-2-2048x906.png 2048w, https:\/\/hallmarq.net\/app\/uploads\/2022\/09\/Fig-2-1920x850.png 1920w, https:\/\/hallmarq.net\/app\/uploads\/2022\/09\/Fig-2-500x221.png 500w, https:\/\/hallmarq.net\/app\/uploads\/2022\/09\/Fig-2-1000x443.png 1000w, https:\/\/hallmarq.net\/app\/uploads\/2022\/09\/Fig-2-1500x664.png 1500w, https:\/\/hallmarq.net\/app\/uploads\/2022\/09\/Fig-2-540x239.png 540w, https:\/\/hallmarq.net\/app\/uploads\/2022\/09\/Fig-2-1080x478.png 1080w, https:\/\/hallmarq.net\/app\/uploads\/2022\/09\/Fig-2-1980x876.png 1980w\" sizes=\"auto, (max-width: 1024px) 100vw, 1024px\" \/><figcaption> Fig 2: A Transverse T2W view at the level of the sacrum<\/figcaption><\/figure>\n\n\n\n<p class=\"is-style-default\">Based on the images, surgical resection of the meningo(myelo)cele was performed and resection was determined to be complete based on the pathologist&#8217;s report. Descriptions of the surgical approach can be found in the references below. The dog recovered without any complication and, at her 2-week post-operative recheck, was assessed to be normal.<\/p>\n\n\n\n<h4 class=\"wp-block-heading\">The Most Valuable MRI Sequence for This Case<\/h4>\n\n\n\n<p class=\"is-style-default\">The transverse T2W images allowed visualization of the tissue extending dorsally through the defect of the sacrum and the tissue contrast provided by the surrounding CSF allowed confirmation of the normal position of the conus within the canal.<\/p>\n\n\n\n<h4 class=\"wp-block-heading\">Disease Overview<\/h4>\n\n\n\n<p class=\"is-style-default\">Spina bifida is a congenital (dorsal) cleft of the spinal column with or without protrusion of the meninges and sometimes the spinal cord. A meningocele is protrusion of meninges through a laminar defect in the spinal column forming a dural sac filled with cerebrospinal fluid, which was evident in the images in this case. A meningomyelocele is a protrusion of meninges and spinal cord or neural tissue through a defect in the spinal column. <\/p>\n\n\n\n<p class=\"is-style-default\">The English bulldog and Manx cat are breeds predisposed with the lumbosacral area most commonly affected. Clinical signs reflect the involvement of the caudal lumbosacral intumescence or adjacent nerve roots. Clinical signs can also include a palpable dorsal vertebral defect caudally over the sacral area, a bunny hopping pelvic limb gait, plantigrade stance, paraparesis, pelvic limb ataxia, urinary or faecal incontinence, megacolon, atonic bladder, hyporeflexia of the pelvic limbs, anal sphincter, urinary bladder and sphincter, and alterations in nociception to perineal area and possibly to the pelvic limbs. The clinical suspicion requires confirmation with CT or MRI. <\/p>\n\n\n\n<h4 class=\"wp-block-heading\">Conclusion<\/h4>\n\n\n\n<p class=\"is-style-default\">Although CT can assist with the 3-dimensional understanding of the bony defect, the neural and soft tissue defect requires MR imaging to be identified, especially if resection surgery is to be considered. The use of contrast is essential to investigate the possibility of associated infections if the defect is open to the environment. As a result, surgical treatment is suggested in dogs with clinical signs and results in outcomes ranging from an unchanged neurological condition to (rarely) return to normal function.<\/p>\n\n\n\n<p class=\"is-style-default\">With thanks to the Diagnostic Imaging Team at <a href=\"https:\/\/verc.ethosvet.com\/veterinary-diagnostic-imaging\/\" target=\"_blank\" rel=\"noreferrer noopener\">Veterinary Emergency + Referral Center,<\/a> Honolulu, Hawaii for providing this case study. <\/p>\n\n\n\n<h4 class=\"wp-block-heading\">References<\/h4>\n\n\n\n<ul class=\"wp-block-list\"><li>Kopke MA, Jack MW, Baltzer WI, Wightman PF, Gal A. Dermoid sinus type VI associated with spina bifida and tethered cord syndrome in a French Bulldog. J Vet Diagn Invest. 2019 Mar;31(2):294-297. <a rel=\"noopener noreferrer\" target=\"_blank\" href=\"https:\/\/www.ncbi.nlm.nih.gov\/pmc\/articles\/PMC6838840\/\">https:\/\/www.ncbi.nlm.nih.gov\/pmc\/articles\/PMC<\/a><a href=\"https:\/\/www.ncbi.nlm.nih.gov\/pmc\/articles\/PMC6838840\/\" target=\"_blank\" rel=\"noreferrer noopener\">6838840\/<\/a><\/li><li>Mart\u00edn Mu\u00f1iz L, Del Magno S, Gandini G, Pisoni L, Menchetti M, Foglia A, R\u00f3denas S. Surgical outcomes of six bulldogs with spinal lumbosacral meningomyelocele or meningocele. <a href=\"https:\/\/pubmed.ncbi.nlm.nih.gov\/31758707\/\" target=\"_blank\" rel=\"noreferrer noopener\">Vet Surg. 2020 Jan;49(1):200-206<\/a><\/li><li>Song RB, Glass EN, Kent M. Spina Bifida, Meningomyelocele, and Meningocele. <a href=\"https:\/\/pubmed.ncbi.nlm.nih.gov\/26725976\/\" target=\"_blank\" rel=\"noreferrer noopener\">Vet Clin North Am Small Anim Pract. 2016 Mar;46(2):327-45<\/a><\/li><\/ul>\n\n\n\n<div style=\"height:100px\" aria-hidden=\"true\" class=\"wp-block-spacer\"><\/div>\n","protected":false},"excerpt":{"rendered":"<p>Spina bifida is a congenital (dorsal) cleft of the spinal column with or without protrusion of the meninges and sometimes the spinal cord. We look at a case in detail and discuss the use of veterinary CT and MRI in identifying neural and soft tissue defects.<\/p>\n","protected":false},"author":2,"featured_media":13726,"parent":0,"template":"","meta":{"_acf_changed":false,"inline_featured_image":false,"_uag_custom_page_level_css":"","footnotes":""},"studies_category":[117],"class_list":["post-9088","studies","type-studies","status-publish","has-post-thumbnail","hentry","studies_category-small-animal-mri-us"],"acf":[],"yoast_head":"<!-- This site is optimized with the Yoast SEO plugin v27.4 - https:\/\/yoast.com\/product\/yoast-seo-wordpress\/ -->\n<title>Spina Bifida of Canine Sacrum - Hallmarq Veterinary Imaging<\/title>\n<meta name=\"description\" content=\"Spina bifida is a congenital (dorsal) cleft of the spinal column with or without protrusion of the meninges and sometimes the spinal cord. We look at a case in detail and discuss the use of veterinary CT and MRI in identifying neural and soft tissue defects.\" \/>\n<meta name=\"robots\" content=\"index, follow, max-snippet:-1, max-image-preview:large, max-video-preview:-1\" \/>\n<link rel=\"canonical\" href=\"https:\/\/hallmarq.net\/us\/case-studies\/spina-bifida-of-the-sacrum\/\" \/>\n<meta property=\"og:locale\" content=\"en_US\" \/>\n<meta property=\"og:type\" content=\"article\" \/>\n<meta property=\"og:title\" content=\"Spina Bifida of Canine Sacrum - Hallmarq Veterinary Imaging\" \/>\n<meta property=\"og:description\" content=\"Spina bifida is a congenital (dorsal) cleft of the spinal column with or without protrusion of the meninges and sometimes the spinal cord. We look at a case in detail and discuss the use of veterinary CT and MRI in identifying neural and soft tissue defects.\" \/>\n<meta property=\"og:url\" content=\"https:\/\/hallmarq.net\/us\/case-studies\/spina-bifida-of-the-sacrum\/\" \/>\n<meta property=\"og:site_name\" content=\"Hallmarq Veterinary Imaging\" \/>\n<meta property=\"article:modified_time\" content=\"2024-12-19T12:34:57+00:00\" \/>\n<meta property=\"og:image\" content=\"https:\/\/hallmarq.net\/app\/uploads\/2022\/09\/German-shepherd-dog-1564428197.jpg\" \/>\n\t<meta property=\"og:image:width\" content=\"1254\" \/>\n\t<meta property=\"og:image:height\" content=\"836\" \/>\n\t<meta property=\"og:image:type\" content=\"image\/jpeg\" \/>\n<meta name=\"twitter:card\" content=\"summary_large_image\" \/>\n<meta name=\"twitter:label1\" content=\"Est. reading time\" \/>\n\t<meta name=\"twitter:data1\" content=\"5 minutes\" \/>\n<script type=\"application\/ld+json\" class=\"yoast-schema-graph\">{\"@context\":\"https:\\\/\\\/schema.org\",\"@graph\":[{\"@type\":\"WebPage\",\"@id\":\"https:\\\/\\\/hallmarq.net\\\/us\\\/case-studies\\\/spina-bifida-of-the-sacrum\\\/\",\"url\":\"https:\\\/\\\/hallmarq.net\\\/us\\\/case-studies\\\/spina-bifida-of-the-sacrum\\\/\",\"name\":\"Spina Bifida of Canine Sacrum - Hallmarq Veterinary Imaging\",\"isPartOf\":{\"@id\":\"https:\\\/\\\/hallmarq.net\\\/us\\\/#website\"},\"primaryImageOfPage\":{\"@id\":\"https:\\\/\\\/hallmarq.net\\\/us\\\/case-studies\\\/spina-bifida-of-the-sacrum\\\/#primaryimage\"},\"image\":{\"@id\":\"https:\\\/\\\/hallmarq.net\\\/us\\\/case-studies\\\/spina-bifida-of-the-sacrum\\\/#primaryimage\"},\"thumbnailUrl\":\"https:\\\/\\\/hallmarq.net\\\/app\\\/uploads\\\/2022\\\/09\\\/German-shepherd-dog-1564428197.jpg\",\"datePublished\":\"2022-09-15T14:00:00+00:00\",\"dateModified\":\"2024-12-19T12:34:57+00:00\",\"description\":\"Spina bifida is a congenital (dorsal) cleft of the spinal column with or without protrusion of the meninges and sometimes the spinal cord. We look at a case in detail and discuss the use of veterinary CT and MRI in identifying neural and soft tissue defects.\",\"breadcrumb\":{\"@id\":\"https:\\\/\\\/hallmarq.net\\\/us\\\/case-studies\\\/spina-bifida-of-the-sacrum\\\/#breadcrumb\"},\"inLanguage\":\"en-US\",\"potentialAction\":[{\"@type\":\"ReadAction\",\"target\":[\"https:\\\/\\\/hallmarq.net\\\/us\\\/case-studies\\\/spina-bifida-of-the-sacrum\\\/\"]}]},{\"@type\":\"ImageObject\",\"inLanguage\":\"en-US\",\"@id\":\"https:\\\/\\\/hallmarq.net\\\/us\\\/case-studies\\\/spina-bifida-of-the-sacrum\\\/#primaryimage\",\"url\":\"https:\\\/\\\/hallmarq.net\\\/app\\\/uploads\\\/2022\\\/09\\\/German-shepherd-dog-1564428197.jpg\",\"contentUrl\":\"https:\\\/\\\/hallmarq.net\\\/app\\\/uploads\\\/2022\\\/09\\\/German-shepherd-dog-1564428197.jpg\",\"width\":1254,\"height\":836,\"caption\":\"Adorable German shepherd standing in the grass, close-up portrait\"},{\"@type\":\"BreadcrumbList\",\"@id\":\"https:\\\/\\\/hallmarq.net\\\/us\\\/case-studies\\\/spina-bifida-of-the-sacrum\\\/#breadcrumb\",\"itemListElement\":[{\"@type\":\"ListItem\",\"position\":1,\"name\":\"Home\",\"item\":\"https:\\\/\\\/hallmarq.net\\\/us\\\/\"},{\"@type\":\"ListItem\",\"position\":2,\"name\":\"Clinical Cases\",\"item\":\"https:\\\/\\\/hallmarq.net\\\/us\\\/case-studies\\\/\"},{\"@type\":\"ListItem\",\"position\":3,\"name\":\"Spina Bifida of Canine Sacrum\"}]},{\"@type\":\"WebSite\",\"@id\":\"https:\\\/\\\/hallmarq.net\\\/us\\\/#website\",\"url\":\"https:\\\/\\\/hallmarq.net\\\/us\\\/\",\"name\":\"Hallmarq Veterinary Imaging\",\"description\":\"Innovative diagnostic imaging solutions\",\"publisher\":{\"@id\":\"https:\\\/\\\/hallmarq.net\\\/us\\\/#organization\"},\"potentialAction\":[{\"@type\":\"SearchAction\",\"target\":{\"@type\":\"EntryPoint\",\"urlTemplate\":\"https:\\\/\\\/hallmarq.net\\\/us\\\/?s={search_term_string}\"},\"query-input\":{\"@type\":\"PropertyValueSpecification\",\"valueRequired\":true,\"valueName\":\"search_term_string\"}}],\"inLanguage\":\"en-US\"},{\"@type\":\"Organization\",\"@id\":\"https:\\\/\\\/hallmarq.net\\\/us\\\/#organization\",\"name\":\"Hallmarq Veterinary Imaging\",\"url\":\"https:\\\/\\\/hallmarq.net\\\/us\\\/\",\"logo\":{\"@type\":\"ImageObject\",\"inLanguage\":\"en-US\",\"@id\":\"https:\\\/\\\/hallmarq.net\\\/us\\\/#\\\/schema\\\/logo\\\/image\\\/\",\"url\":\"https:\\\/\\\/hallmarq.net\\\/app\\\/uploads\\\/2020\\\/08\\\/Hallmarq-Veterinary-Imaging.png\",\"contentUrl\":\"https:\\\/\\\/hallmarq.net\\\/app\\\/uploads\\\/2020\\\/08\\\/Hallmarq-Veterinary-Imaging.png\",\"width\":400,\"height\":88,\"caption\":\"Hallmarq Veterinary Imaging\"},\"image\":{\"@id\":\"https:\\\/\\\/hallmarq.net\\\/us\\\/#\\\/schema\\\/logo\\\/image\\\/\"}}]}<\/script>\n<!-- \/ Yoast SEO plugin. -->","yoast_head_json":{"title":"Spina Bifida of Canine Sacrum - Hallmarq Veterinary Imaging","description":"Spina bifida is a congenital (dorsal) cleft of the spinal column with or without protrusion of the meninges and sometimes the spinal cord. We look at a case in detail and discuss the use of veterinary CT and MRI in identifying neural and soft tissue defects.","robots":{"index":"index","follow":"follow","max-snippet":"max-snippet:-1","max-image-preview":"max-image-preview:large","max-video-preview":"max-video-preview:-1"},"canonical":"https:\/\/hallmarq.net\/us\/case-studies\/spina-bifida-of-the-sacrum\/","og_locale":"en_US","og_type":"article","og_title":"Spina Bifida of Canine Sacrum - Hallmarq Veterinary Imaging","og_description":"Spina bifida is a congenital (dorsal) cleft of the spinal column with or without protrusion of the meninges and sometimes the spinal cord. We look at a case in detail and discuss the use of veterinary CT and MRI in identifying neural and soft tissue defects.","og_url":"https:\/\/hallmarq.net\/us\/case-studies\/spina-bifida-of-the-sacrum\/","og_site_name":"Hallmarq Veterinary Imaging","article_modified_time":"2024-12-19T12:34:57+00:00","og_image":[{"width":1254,"height":836,"url":"https:\/\/hallmarq.net\/app\/uploads\/2022\/09\/German-shepherd-dog-1564428197.jpg","type":"image\/jpeg"}],"twitter_card":"summary_large_image","twitter_misc":{"Est. reading time":"5 minutes"},"schema":{"@context":"https:\/\/schema.org","@graph":[{"@type":"WebPage","@id":"https:\/\/hallmarq.net\/us\/case-studies\/spina-bifida-of-the-sacrum\/","url":"https:\/\/hallmarq.net\/us\/case-studies\/spina-bifida-of-the-sacrum\/","name":"Spina Bifida of Canine Sacrum - Hallmarq Veterinary Imaging","isPartOf":{"@id":"https:\/\/hallmarq.net\/us\/#website"},"primaryImageOfPage":{"@id":"https:\/\/hallmarq.net\/us\/case-studies\/spina-bifida-of-the-sacrum\/#primaryimage"},"image":{"@id":"https:\/\/hallmarq.net\/us\/case-studies\/spina-bifida-of-the-sacrum\/#primaryimage"},"thumbnailUrl":"https:\/\/hallmarq.net\/app\/uploads\/2022\/09\/German-shepherd-dog-1564428197.jpg","datePublished":"2022-09-15T14:00:00+00:00","dateModified":"2024-12-19T12:34:57+00:00","description":"Spina bifida is a congenital (dorsal) cleft of the spinal column with or without protrusion of the meninges and sometimes the spinal cord. We look at a case in detail and discuss the use of veterinary CT and MRI in identifying neural and soft tissue defects.","breadcrumb":{"@id":"https:\/\/hallmarq.net\/us\/case-studies\/spina-bifida-of-the-sacrum\/#breadcrumb"},"inLanguage":"en-US","potentialAction":[{"@type":"ReadAction","target":["https:\/\/hallmarq.net\/us\/case-studies\/spina-bifida-of-the-sacrum\/"]}]},{"@type":"ImageObject","inLanguage":"en-US","@id":"https:\/\/hallmarq.net\/us\/case-studies\/spina-bifida-of-the-sacrum\/#primaryimage","url":"https:\/\/hallmarq.net\/app\/uploads\/2022\/09\/German-shepherd-dog-1564428197.jpg","contentUrl":"https:\/\/hallmarq.net\/app\/uploads\/2022\/09\/German-shepherd-dog-1564428197.jpg","width":1254,"height":836,"caption":"Adorable German shepherd standing in the grass, close-up portrait"},{"@type":"BreadcrumbList","@id":"https:\/\/hallmarq.net\/us\/case-studies\/spina-bifida-of-the-sacrum\/#breadcrumb","itemListElement":[{"@type":"ListItem","position":1,"name":"Home","item":"https:\/\/hallmarq.net\/us\/"},{"@type":"ListItem","position":2,"name":"Clinical Cases","item":"https:\/\/hallmarq.net\/us\/case-studies\/"},{"@type":"ListItem","position":3,"name":"Spina Bifida of Canine Sacrum"}]},{"@type":"WebSite","@id":"https:\/\/hallmarq.net\/us\/#website","url":"https:\/\/hallmarq.net\/us\/","name":"Hallmarq Veterinary Imaging","description":"Innovative diagnostic imaging solutions","publisher":{"@id":"https:\/\/hallmarq.net\/us\/#organization"},"potentialAction":[{"@type":"SearchAction","target":{"@type":"EntryPoint","urlTemplate":"https:\/\/hallmarq.net\/us\/?s={search_term_string}"},"query-input":{"@type":"PropertyValueSpecification","valueRequired":true,"valueName":"search_term_string"}}],"inLanguage":"en-US"},{"@type":"Organization","@id":"https:\/\/hallmarq.net\/us\/#organization","name":"Hallmarq Veterinary Imaging","url":"https:\/\/hallmarq.net\/us\/","logo":{"@type":"ImageObject","inLanguage":"en-US","@id":"https:\/\/hallmarq.net\/us\/#\/schema\/logo\/image\/","url":"https:\/\/hallmarq.net\/app\/uploads\/2020\/08\/Hallmarq-Veterinary-Imaging.png","contentUrl":"https:\/\/hallmarq.net\/app\/uploads\/2020\/08\/Hallmarq-Veterinary-Imaging.png","width":400,"height":88,"caption":"Hallmarq Veterinary Imaging"},"image":{"@id":"https:\/\/hallmarq.net\/us\/#\/schema\/logo\/image\/"}}]}},"uagb_featured_image_src":{"full":["https:\/\/hallmarq.net\/app\/uploads\/2022\/09\/German-shepherd-dog-1564428197.jpg",1254,836,false],"thumbnail":["https:\/\/hallmarq.net\/app\/uploads\/2022\/09\/German-shepherd-dog-1564428197-150x150.jpg",150,150,true],"medium":["https:\/\/hallmarq.net\/app\/uploads\/2022\/09\/German-shepherd-dog-1564428197-300x200.jpg",300,200,true],"medium_large":["https:\/\/hallmarq.net\/app\/uploads\/2022\/09\/German-shepherd-dog-1564428197-768x512.jpg",580,387,true],"large":["https:\/\/hallmarq.net\/app\/uploads\/2022\/09\/German-shepherd-dog-1564428197-1024x683.jpg",580,387,true],"1536x1536":["https:\/\/hallmarq.net\/app\/uploads\/2022\/09\/German-shepherd-dog-1564428197.jpg",1254,836,false],"2048x2048":["https:\/\/hallmarq.net\/app\/uploads\/2022\/09\/German-shepherd-dog-1564428197.jpg",1254,836,false],"auto":["https:\/\/hallmarq.net\/app\/uploads\/2022\/09\/German-shepherd-dog-1564428197.jpg",1254,836,false],"auto-250":["https:\/\/hallmarq.net\/app\/uploads\/2022\/09\/German-shepherd-dog-1564428197-500x333.jpg",500,333,true],"auto-500":["https:\/\/hallmarq.net\/app\/uploads\/2022\/09\/German-shepherd-dog-1564428197-500x333.jpg",500,333,true],"auto-1000":["https:\/\/hallmarq.net\/app\/uploads\/2022\/09\/German-shepherd-dog-1564428197-1000x667.jpg",1000,667,true],"auto-1500":["https:\/\/hallmarq.net\/app\/uploads\/2022\/09\/German-shepherd-dog-1564428197.jpg",1254,836,false],"auto-2000":["https:\/\/hallmarq.net\/app\/uploads\/2022\/09\/German-shepherd-dog-1564428197.jpg",1254,836,false],"16-by-9-cropped":["https:\/\/hallmarq.net\/app\/uploads\/2022\/09\/German-shepherd-dog-1564428197.jpg",1254,836,false],"16-by-9-cropped-500":["https:\/\/hallmarq.net\/app\/uploads\/2022\/09\/German-shepherd-dog-1564428197-500x281.jpg",500,281,true],"16-by-9-cropped-1000":["https:\/\/hallmarq.net\/app\/uploads\/2022\/09\/German-shepherd-dog-1564428197-1000x563.jpg",1000,563,true],"16-by-9-cropped-1500":["https:\/\/hallmarq.net\/app\/uploads\/2022\/09\/German-shepherd-dog-1564428197-1254x563.jpg",1254,563,true],"16-by-9-cropped-2000":["https:\/\/hallmarq.net\/app\/uploads\/2022\/09\/German-shepherd-dog-1564428197.jpg",1254,836,false],"3-by-2-cropped":["https:\/\/hallmarq.net\/app\/uploads\/2022\/09\/German-shepherd-dog-1564428197.jpg",1254,836,false],"3-by-2-cropped-500":["https:\/\/hallmarq.net\/app\/uploads\/2022\/09\/German-shepherd-dog-1564428197-500x333.jpg",500,333,true],"3-by-2-cropped-1000":["https:\/\/hallmarq.net\/app\/uploads\/2022\/09\/German-shepherd-dog-1564428197-1000x667.jpg",1000,667,true],"3-by-2-cropped-1500":["https:\/\/hallmarq.net\/app\/uploads\/2022\/09\/German-shepherd-dog-1564428197.jpg",1254,836,false],"3-by-2-cropped-2000":["https:\/\/hallmarq.net\/app\/uploads\/2022\/09\/German-shepherd-dog-1564428197.jpg",1254,836,false],"4-by-3-cropped":["https:\/\/hallmarq.net\/app\/uploads\/2022\/09\/German-shepherd-dog-1564428197.jpg",1254,836,false],"4-by-3-cropped-500":["https:\/\/hallmarq.net\/app\/uploads\/2022\/09\/German-shepherd-dog-1564428197-500x375.jpg",500,375,true],"4-by-3-cropped-1000":["https:\/\/hallmarq.net\/app\/uploads\/2022\/09\/German-shepherd-dog-1564428197-1000x750.jpg",1000,750,true],"4-by-3-cropped-1500":["https:\/\/hallmarq.net\/app\/uploads\/2022\/09\/German-shepherd-dog-1564428197.jpg",1254,836,false],"4-by-3-cropped-2000":["https:\/\/hallmarq.net\/app\/uploads\/2022\/09\/German-shepherd-dog-1564428197.jpg",1254,836,false],"scuare-cropped":["https:\/\/hallmarq.net\/app\/uploads\/2022\/09\/German-shepherd-dog-1564428197.jpg",1254,836,false],"scuare-cropped-500":["https:\/\/hallmarq.net\/app\/uploads\/2022\/09\/German-shepherd-dog-1564428197-500x500.jpg",500,500,true],"scuare-cropped-1000":["https:\/\/hallmarq.net\/app\/uploads\/2022\/09\/German-shepherd-dog-1564428197-1000x836.jpg",1000,836,true],"scuare-cropped-1500":["https:\/\/hallmarq.net\/app\/uploads\/2022\/09\/German-shepherd-dog-1564428197.jpg",1254,836,false],"scuare-cropped-2000":["https:\/\/hallmarq.net\/app\/uploads\/2022\/09\/German-shepherd-dog-1564428197.jpg",1254,836,false],"post-thumbnail":["https:\/\/hallmarq.net\/app\/uploads\/2022\/09\/German-shepherd-dog-1564428197.jpg",1254,836,false],"chaplin_preview_image_low_resolution":["https:\/\/hallmarq.net\/app\/uploads\/2022\/09\/German-shepherd-dog-1564428197-540x360.jpg",540,360,true],"chaplin_preview_image_high_resolution":["https:\/\/hallmarq.net\/app\/uploads\/2022\/09\/German-shepherd-dog-1564428197-1080x720.jpg",1080,720,true],"chaplin_fullscreen":["https:\/\/hallmarq.net\/app\/uploads\/2022\/09\/German-shepherd-dog-1564428197.jpg",1254,836,false],"gform-image-choice-sm":["https:\/\/hallmarq.net\/app\/uploads\/2022\/09\/German-shepherd-dog-1564428197.jpg",300,200,false],"gform-image-choice-md":["https:\/\/hallmarq.net\/app\/uploads\/2022\/09\/German-shepherd-dog-1564428197.jpg",400,267,false],"gform-image-choice-lg":["https:\/\/hallmarq.net\/app\/uploads\/2022\/09\/German-shepherd-dog-1564428197.jpg",600,400,false]},"uagb_author_info":{"display_name":"Sara Horner","author_link":"https:\/\/hallmarq.net\/us\/author\/sara\/"},"uagb_comment_info":0,"uagb_excerpt":"Spina bifida is a congenital (dorsal) cleft of the spinal column with or without protrusion of the meninges and sometimes the spinal cord. We look at a case in detail and discuss the use of veterinary CT and MRI in identifying neural and soft tissue defects.","_links":{"self":[{"href":"https:\/\/hallmarq.net\/us\/wp-json\/wp\/v2\/studies\/9088","targetHints":{"allow":["GET"]}}],"collection":[{"href":"https:\/\/hallmarq.net\/us\/wp-json\/wp\/v2\/studies"}],"about":[{"href":"https:\/\/hallmarq.net\/us\/wp-json\/wp\/v2\/types\/studies"}],"author":[{"embeddable":true,"href":"https:\/\/hallmarq.net\/us\/wp-json\/wp\/v2\/users\/2"}],"version-history":[{"count":8,"href":"https:\/\/hallmarq.net\/us\/wp-json\/wp\/v2\/studies\/9088\/revisions"}],"predecessor-version":[{"id":14663,"href":"https:\/\/hallmarq.net\/us\/wp-json\/wp\/v2\/studies\/9088\/revisions\/14663"}],"wp:featuredmedia":[{"embeddable":true,"href":"https:\/\/hallmarq.net\/us\/wp-json\/wp\/v2\/media\/13726"}],"wp:attachment":[{"href":"https:\/\/hallmarq.net\/us\/wp-json\/wp\/v2\/media?parent=9088"}],"wp:term":[{"taxonomy":"studies_category","embeddable":true,"href":"https:\/\/hallmarq.net\/us\/wp-json\/wp\/v2\/studies_category?post=9088"}],"curies":[{"name":"wp","href":"https:\/\/api.w.org\/{rel}","templated":true}]}}